{"id":2462,"date":"2021-06-16T09:57:10","date_gmt":"2021-06-16T07:57:10","guid":{"rendered":"https:\/\/villasicula-capo.com\/?page_id=2462"},"modified":"2024-12-15T15:46:28","modified_gmt":"2024-12-15T14:46:28","slug":"una-villa-innumerevoli-storie-benvenuti-in-sicilia","status":"publish","type":"page","link":"https:\/\/villasicula-capo.com\/it\/","title":{"rendered":"Una villa \u2013 innumerevoli storie <h2>Benvenuti in Sicilia<\/h2>"},"content":{"rendered":"\t\t<div data-elementor-type=\"wp-page\" data-elementor-id=\"2462\" class=\"elementor elementor-2462 elementor-2\" data-elementor-post-type=\"page\">\n\t\t\t\t<div class=\"elementor-element elementor-element-4fc6304d e-flex e-con-boxed e-con e-parent\" data-id=\"4fc6304d\" data-element_type=\"container\">\n\t\t\t\t\t<div class=\"e-con-inner\">\n\t\t<div class=\"elementor-element elementor-element-73fce33f e-con-full e-flex e-con e-child\" data-id=\"73fce33f\" data-element_type=\"container\">\n\t\t\t\t<div class=\"elementor-element elementor-element-7b8b109 elementor-widget elementor-widget-heading\" data-id=\"7b8b109\" data-element_type=\"widget\" data-widget_type=\"heading.default\">\n\t\t\t\t<div class=\"elementor-widget-container\">\n\t\t\t<h4 class=\"elementor-heading-title elementor-size-default\">\nBenvenuto<\/h4>\t\t<\/div>\n\t\t\t\t<\/div>\n\t\t\t\t<div class=\"elementor-element elementor-element-265b2634 elementor-widget elementor-widget-text-editor\" data-id=\"265b2634\" data-element_type=\"widget\" data-widget_type=\"text-editor.default\">\n\t\t\t\t<div class=\"elementor-widget-container\">\n\t\t\t\t\t\t\t<div class=\"block core-paragraph \"><div id=\"KnM9nf\" class=\"PZPZlf\" data-attrid=\"tw-sourceArea\" data-entityname=\"Google Translate\"><p id=\"tw-smenu\" class=\"tw-menu\">VILLA SICULA \u00e8 una residenza molto speciale sulla costa nord della variegata isola di Sicilia. Il nome SICULA lo si deve ai Siculi, la popolazione che occup\u00f2 l\u2019isola per trecento anni, prima della colonizzazione greca.<\/p><\/div><p>La vista sull\u2019ampio giardino con il suo tempio e gli ulivi, il moderno porto di Capo d\u2019Oralndo, il promontorio e le Isole Eolie, che si allineano all\u2019orizzonte come le perle di una collana, \u00e8 mozzafiato. Disposta architettonicamente come un piccolo villaggio, la residenza, a conduzione familiare, non \u00e8 solamente un luogo per dedicarsi al relax mentale e fisico: ma \u00e8 anche uno spazio in cui immergersi nell\u2019incontro tra l\u2019arte e le culture siciliane, che nella villa si possono scorgere e apprezzare in ogni angolo e dettaglio. VILLA SICULA vi invita a trascorrere un soggiorno da sogno e a conoscere la Sicilia in tutte le sue sfaccettature.<\/p><\/div>\t\t\t\t\t\t<\/div>\n\t\t\t\t<\/div>\n\t\t\t\t<\/div>\n\t\t<div class=\"elementor-element elementor-element-3e099961 e-con-full e-flex e-con e-child\" data-id=\"3e099961\" data-element_type=\"container\">\n\t\t\t\t<div class=\"elementor-element elementor-element-441c4f65 elementor-widget elementor-widget-spacer\" data-id=\"441c4f65\" data-element_type=\"widget\" data-widget_type=\"spacer.default\">\n\t\t\t\t<div class=\"elementor-widget-container\">\n\t\t\t\t\t<div class=\"elementor-spacer\">\n\t\t\t<div class=\"elementor-spacer-inner\"><\/div>\n\t\t<\/div>\n\t\t\t\t<\/div>\n\t\t\t\t<\/div>\n\t\t\t\t<div class=\"elementor-element elementor-element-5acc6db6 elementor-widget elementor-widget-video\" data-id=\"5acc6db6\" data-element_type=\"widget\" data-settings=\"{&quot;youtube_url&quot;:&quot;https:\\\/\\\/youtu.be\\\/jE76m5by8g8&quot;,&quot;autoplay&quot;:&quot;yes&quot;,&quot;play_on_mobile&quot;:&quot;yes&quot;,&quot;loop&quot;:&quot;yes&quot;,&quot;mute&quot;:&quot;yes&quot;,&quot;video_type&quot;:&quot;youtube&quot;,&quot;controls&quot;:&quot;yes&quot;}\" data-widget_type=\"video.default\">\n\t\t\t\t<div class=\"elementor-widget-container\">\n\t\t\t\t\t<div class=\"elementor-wrapper elementor-open-inline\">\n\t\t\t<div class=\"elementor-video\"><\/div>\t\t<\/div>\n\t\t\t\t<\/div>\n\t\t\t\t<\/div>\n\t\t\t\t<\/div>\n\t\t\t\t\t<\/div>\n\t\t\t\t<\/div>\n\t\t\t\t<section class=\"elementor-section elementor-top-section elementor-element elementor-element-3e10759 elementor-section-boxed elementor-section-height-default elementor-section-height-default\" data-id=\"3e10759\" data-element_type=\"section\">\n\t\t\t\t\t\t<div class=\"elementor-container elementor-column-gap-default\">\n\t\t\t\t\t<div class=\"elementor-column elementor-col-50 elementor-top-column elementor-element elementor-element-22c50ea1\" data-id=\"22c50ea1\" data-element_type=\"column\">\n\t\t\t<div class=\"elementor-widget-wrap elementor-element-populated\">\n\t\t\t\t\t\t<div class=\"elementor-element elementor-element-65083266 elementor-widget elementor-widget-image\" data-id=\"65083266\" data-element_type=\"widget\" data-widget_type=\"image.default\">\n\t\t\t\t<div class=\"elementor-widget-container\">\n\t\t\t\t\t\t\t\t\t\t\t\t\t<img fetchpriority=\"high\" decoding=\"async\" width=\"1800\" height=\"1200\" src=\"https:\/\/villasicula-capo.com\/wp-content\/uploads\/2024\/11\/00100_DJI_0412-HDR-1800x1200.jpg\" class=\"attachment-large size-large wp-image-8659\" alt=\"\" srcset=\"https:\/\/villasicula-capo.com\/wp-content\/uploads\/2024\/11\/00100_DJI_0412-HDR-1800x1200.jpg 1800w, https:\/\/villasicula-capo.com\/wp-content\/uploads\/2024\/11\/00100_DJI_0412-HDR-1200x800.jpg 1200w, https:\/\/villasicula-capo.com\/wp-content\/uploads\/2024\/11\/00100_DJI_0412-HDR-600x400.jpg 600w\" sizes=\"(max-width: 1800px) 100vw, 1800px\" \/>\t\t\t\t\t\t\t\t\t\t\t\t\t<\/div>\n\t\t\t\t<\/div>\n\t\t\t\t<div class=\"elementor-element elementor-element-21ca5b9c elementor-widget elementor-widget-text-editor\" data-id=\"21ca5b9c\" data-element_type=\"widget\" data-widget_type=\"text-editor.default\">\n\t\t\t\t<div class=\"elementor-widget-container\">\n\t\t\t\t\t\t\t<div class=\"flex max-w-full flex-col flex-grow\">\n<div class=\"min-h-8 text-message flex w-full flex-col items-end gap-2 whitespace-normal break-words text-start [.text-message+&amp;]:mt-5\" dir=\"auto\" data-message-author-role=\"user\" data-message-id=\"aaa20ea8-90c9-4cde-9523-637050e1d758\">\n<div class=\"flex w-full flex-col gap-1 empty:hidden items-end rtl:items-start\">\n<div class=\"relative max-w-[var(--user-chat-width,70%)] rounded-3xl bg-token-message-surface px-5 py-2.5\">\n<div class=\"whitespace-pre-wrap\">\u00a0<\/div>\n<\/div>\n<\/div>\n<\/div>\n<\/div>\t\t\t\t\t\t<\/div>\n\t\t\t\t<\/div>\n\t\t\t\t<div class=\"elementor-element elementor-element-589d348 elementor-widget elementor-widget-text-editor\" data-id=\"589d348\" data-element_type=\"widget\" data-widget_type=\"text-editor.default\">\n\t\t\t\t<div class=\"elementor-widget-container\">\n\t\t\t\t\t\t\t<p>Nella cucina all\u2019aperto, situata all\u2019entrata del parco, si possono anche preparare e consumare pasti conviviali in mezzo al verde. Saremo felici di organizzare insieme a voi la vostra indimenticabile festa di anniversario o il vostro matrimonio da sogno, in un ambiente suggestivo e magico. VILLA SICULA \u00e8 un luogo unico di relax e raccoglimento spirituale. \u00c8 inoltre un punto di partenza ideale per varie attivit\u00e0 per scoprire la meravigliosa Sicilia.<\/p>\t\t\t\t\t\t<\/div>\n\t\t\t\t<\/div>\n\t\t\t\t\t<\/div>\n\t\t<\/div>\n\t\t\t\t<div class=\"elementor-column elementor-col-50 elementor-top-column elementor-element elementor-element-26f4c0e9\" data-id=\"26f4c0e9\" data-element_type=\"column\">\n\t\t\t<div class=\"elementor-widget-wrap elementor-element-populated\">\n\t\t\t\t\t\t<div class=\"elementor-element elementor-element-4d5a156f elementor-widget elementor-widget-text-editor\" data-id=\"4d5a156f\" data-element_type=\"widget\" data-widget_type=\"text-editor.default\">\n\t\t\t\t<div class=\"elementor-widget-container\">\n\t\t\t\t\t\t\t<p>Per il vostro periodo pi\u00f9 bello dell\u2019anno vi aspettano appartamenti completamente attrezzati e arredati con amore, oltre ad un\u2019ampia area esterna con servizi lussuosi, che renderanno il vostro soggiorno davvero unico. Nella piazza \u201cBenvenuti\u201d, zona d\u2019ingresso, vi diamo il benvenuto in questa bella villa, che ha tante storie affascinanti da raccontare. Ogni stanza e ogni piazzale deve il suo nome a riferimenti storici, culturali e naturalistici siciliani. Lasciatevi ispirare! Trascorrete fantastici momenti di relax e divertimento nella piscina riscaldata, nella sala fitness o nella sauna. Rilassatevi nel \u201cParco Pitr\u00e8\u201c, godetevi una partita a bocce, o se volete a scacchi. L\u2019ampio giardino offre numerosi posti all\u2019ombra per rilassarsi o fare sport.<\/p>\t\t\t\t\t\t<\/div>\n\t\t\t\t<\/div>\n\t\t\t\t<div class=\"elementor-element elementor-element-8ff47b7 elementor-widget elementor-widget-image\" data-id=\"8ff47b7\" data-element_type=\"widget\" data-widget_type=\"image.default\">\n\t\t\t\t<div class=\"elementor-widget-container\">\n\t\t\t\t\t\t\t\t\t\t\t\t\t<img decoding=\"async\" width=\"1800\" height=\"1198\" src=\"https:\/\/villasicula-capo.com\/wp-content\/uploads\/2024\/11\/00400__Z6S2696-HDR-1800x1198.jpg\" class=\"attachment-large size-large wp-image-8671\" alt=\"\" srcset=\"https:\/\/villasicula-capo.com\/wp-content\/uploads\/2024\/11\/00400__Z6S2696-HDR-1800x1198.jpg 1800w, https:\/\/villasicula-capo.com\/wp-content\/uploads\/2024\/11\/00400__Z6S2696-HDR-1200x800.jpg 1200w, https:\/\/villasicula-capo.com\/wp-content\/uploads\/2024\/11\/00400__Z6S2696-HDR-600x400.jpg 600w\" sizes=\"(max-width: 1800px) 100vw, 1800px\" \/>\t\t\t\t\t\t\t\t\t\t\t\t\t<\/div>\n\t\t\t\t<\/div>\n\t\t\t\t\t<\/div>\n\t\t<\/div>\n\t\t\t\t\t<\/div>\n\t\t<\/section>\n\t\t<div class=\"elementor-element elementor-element-57e10c3 e-flex e-con-boxed e-con e-parent\" data-id=\"57e10c3\" data-element_type=\"container\">\n\t\t\t\t\t<div class=\"e-con-inner\">\n\t\t\t\t<div class=\"elementor-element elementor-element-b676a53 elementor-widget elementor-widget-spacer\" data-id=\"b676a53\" data-element_type=\"widget\" data-widget_type=\"spacer.default\">\n\t\t\t\t<div class=\"elementor-widget-container\">\n\t\t\t\t\t<div class=\"elementor-spacer\">\n\t\t\t<div class=\"elementor-spacer-inner\"><\/div>\n\t\t<\/div>\n\t\t\t\t<\/div>\n\t\t\t\t<\/div>\n\t\t\t\t<div class=\"elementor-element elementor-element-c2442ef elementor-widget elementor-widget-image\" data-id=\"c2442ef\" data-element_type=\"widget\" data-widget_type=\"image.default\">\n\t\t\t\t<div class=\"elementor-widget-container\">\n\t\t\t\t\t\t\t\t\t\t\t\t\t<img decoding=\"async\" width=\"1800\" height=\"184\" src=\"https:\/\/villasicula-capo.com\/wp-content\/uploads\/2023\/02\/Trenner-1800x184.png\" class=\"attachment-large size-large wp-image-7054\" alt=\"\" srcset=\"https:\/\/villasicula-capo.com\/wp-content\/uploads\/2023\/02\/Trenner-1800x184.png 1800w, https:\/\/villasicula-capo.com\/wp-content\/uploads\/2023\/02\/Trenner-1200x123.png 1200w, https:\/\/villasicula-capo.com\/wp-content\/uploads\/2023\/02\/Trenner-600x61.png 600w\" sizes=\"(max-width: 1800px) 100vw, 1800px\" \/>\t\t\t\t\t\t\t\t\t\t\t\t\t<\/div>\n\t\t\t\t<\/div>\n\t\t\t\t<div class=\"elementor-element elementor-element-1c5b4a7 elementor-widget elementor-widget-heading\" data-id=\"1c5b4a7\" data-element_type=\"widget\" data-widget_type=\"heading.default\">\n\t\t\t\t<div class=\"elementor-widget-container\">\n\t\t\t<h4 class=\"elementor-heading-title elementor-size-default\">Gli appartamenti<\/h4>\t\t<\/div>\n\t\t\t\t<\/div>\n\t\t\t\t\t<\/div>\n\t\t\t\t<\/div>\n\t\t\t\t<section class=\"elementor-section elementor-top-section elementor-element elementor-element-5756a066 elementor-section-boxed elementor-section-height-default elementor-section-height-default\" data-id=\"5756a066\" data-element_type=\"section\">\n\t\t\t\t\t\t<div class=\"elementor-container elementor-column-gap-default\">\n\t\t\t\t\t<div class=\"elementor-column elementor-col-33 elementor-top-column elementor-element elementor-element-44727f09\" data-id=\"44727f09\" data-element_type=\"column\">\n\t\t\t<div class=\"elementor-widget-wrap elementor-element-populated\">\n\t\t\t\t\t\t<div class=\"elementor-element elementor-element-6e12fa26 elementor-widget elementor-widget-image\" data-id=\"6e12fa26\" data-element_type=\"widget\" data-widget_type=\"image.default\">\n\t\t\t\t<div class=\"elementor-widget-container\">\n\t\t\t\t\t\t\t\t\t\t\t\t\t\t<a href=\"https:\/\/villasicula-capo.com\/apartment-la-cultura-siciliana-2\/\">\n\t\t\t\t\t\t\t<img loading=\"lazy\" decoding=\"async\" width=\"1800\" height=\"954\" src=\"https:\/\/villasicula-capo.com\/wp-content\/uploads\/2024\/11\/01800__Z6S2561-HDR-e1732460175939-1800x954.jpg\" class=\"attachment-large size-large wp-image-8727\" alt=\"\" srcset=\"https:\/\/villasicula-capo.com\/wp-content\/uploads\/2024\/11\/01800__Z6S2561-HDR-e1732460175939-1800x954.jpg 1800w, https:\/\/villasicula-capo.com\/wp-content\/uploads\/2024\/11\/01800__Z6S2561-HDR-e1732460175939-1200x636.jpg 1200w, https:\/\/villasicula-capo.com\/wp-content\/uploads\/2024\/11\/01800__Z6S2561-HDR-e1732460175939-600x318.jpg 600w\" sizes=\"(max-width: 1800px) 100vw, 1800px\" \/>\t\t\t\t\t\t\t\t<\/a>\n\t\t\t\t\t\t\t\t\t\t\t\t\t<\/div>\n\t\t\t\t<\/div>\n\t\t\t\t<div class=\"elementor-element elementor-element-6c01e6a2 elementor-widget elementor-widget-image-box\" data-id=\"6c01e6a2\" data-element_type=\"widget\" data-widget_type=\"image-box.default\">\n\t\t\t\t<div class=\"elementor-widget-container\">\n\t\t\t<div class=\"elementor-image-box-wrapper\"><div class=\"elementor-image-box-content\"><h3 class=\"elementor-image-box-title\">La Cultura Sicilana<\/h3><p class=\"elementor-image-box-description\">Con tre camere da letto, questo affascinante appartamento offre privacy e viste incredibili sul Mediterraneo dalla spaziosa terrazza.<\/p><\/div><\/div>\t\t<\/div>\n\t\t\t\t<\/div>\n\t\t\t\t\t<\/div>\n\t\t<\/div>\n\t\t\t\t<div class=\"elementor-column elementor-col-33 elementor-top-column elementor-element elementor-element-3e7aa7b3\" data-id=\"3e7aa7b3\" data-element_type=\"column\">\n\t\t\t<div class=\"elementor-widget-wrap elementor-element-populated\">\n\t\t\t\t\t\t<div class=\"elementor-element elementor-element-35b1fd72 elementor-widget elementor-widget-image\" data-id=\"35b1fd72\" data-element_type=\"widget\" data-widget_type=\"image.default\">\n\t\t\t\t<div class=\"elementor-widget-container\">\n\t\t\t\t\t\t\t\t\t\t\t\t\t\t<a href=\"https:\/\/villasicula-capo.com\/villa-3\/\">\n\t\t\t\t\t\t\t<img loading=\"lazy\" decoding=\"async\" width=\"1800\" height=\"1198\" src=\"https:\/\/villasicula-capo.com\/wp-content\/uploads\/2024\/11\/02700__Z6S2288-HDR-1800x1198.jpg\" class=\"attachment-large size-large wp-image-8763\" alt=\"\" srcset=\"https:\/\/villasicula-capo.com\/wp-content\/uploads\/2024\/11\/02700__Z6S2288-HDR-1800x1198.jpg 1800w, https:\/\/villasicula-capo.com\/wp-content\/uploads\/2024\/11\/02700__Z6S2288-HDR-1200x800.jpg 1200w, https:\/\/villasicula-capo.com\/wp-content\/uploads\/2024\/11\/02700__Z6S2288-HDR-600x400.jpg 600w\" sizes=\"(max-width: 1800px) 100vw, 1800px\" \/>\t\t\t\t\t\t\t\t<\/a>\n\t\t\t\t\t\t\t\t\t\t\t\t\t<\/div>\n\t\t\t\t<\/div>\n\t\t\t\t<div class=\"elementor-element elementor-element-3c8173d8 elementor-widget elementor-widget-image-box\" data-id=\"3c8173d8\" data-element_type=\"widget\" data-widget_type=\"image-box.default\">\n\t\t\t\t<div class=\"elementor-widget-container\">\n\t\t\t<div class=\"elementor-image-box-wrapper\"><div class=\"elementor-image-box-content\"><h3 class=\"elementor-image-box-title\">Le Isole Eolie<\/h3><p class=\"elementor-image-box-description\">Il luminoso appartamento \u201cLe Isole Eolie\u201d vi offre una superficie abitabile di 82 mq e un balcone di 64 mq che corre ad U attorno all'appartamento<\/p><\/div><\/div>\t\t<\/div>\n\t\t\t\t<\/div>\n\t\t\t\t\t<\/div>\n\t\t<\/div>\n\t\t\t\t<div class=\"elementor-column elementor-col-33 elementor-top-column elementor-element elementor-element-549eecad\" data-id=\"549eecad\" data-element_type=\"column\">\n\t\t\t<div class=\"elementor-widget-wrap elementor-element-populated\">\n\t\t\t\t\t\t<div class=\"elementor-element elementor-element-3e4dbe78 elementor-widget elementor-widget-image\" data-id=\"3e4dbe78\" data-element_type=\"widget\" data-widget_type=\"image.default\">\n\t\t\t\t<div class=\"elementor-widget-container\">\n\t\t\t\t\t\t\t\t\t\t\t\t\t\t<a href=\"https:\/\/villasicula-capo.com\/rifugio-cupido-2-2\/\">\n\t\t\t\t\t\t\t<img loading=\"lazy\" decoding=\"async\" width=\"1800\" height=\"1198\" src=\"https:\/\/villasicula-capo.com\/wp-content\/uploads\/2024\/11\/04500__Z6S2795-HDR-1800x1198.jpg\" class=\"attachment-large size-large wp-image-8835\" alt=\"\" srcset=\"https:\/\/villasicula-capo.com\/wp-content\/uploads\/2024\/11\/04500__Z6S2795-HDR-1800x1198.jpg 1800w, https:\/\/villasicula-capo.com\/wp-content\/uploads\/2024\/11\/04500__Z6S2795-HDR-1200x800.jpg 1200w, https:\/\/villasicula-capo.com\/wp-content\/uploads\/2024\/11\/04500__Z6S2795-HDR-600x400.jpg 600w\" sizes=\"(max-width: 1800px) 100vw, 1800px\" \/>\t\t\t\t\t\t\t\t<\/a>\n\t\t\t\t\t\t\t\t\t\t\t\t\t<\/div>\n\t\t\t\t<\/div>\n\t\t\t\t<div class=\"elementor-element elementor-element-20fa3034 elementor-widget elementor-widget-image-box\" data-id=\"20fa3034\" data-element_type=\"widget\" data-widget_type=\"image-box.default\">\n\t\t\t\t<div class=\"elementor-widget-container\">\n\t\t\t<div class=\"elementor-image-box-wrapper\"><div class=\"elementor-image-box-content\"><h3 class=\"elementor-image-box-title\">Rifugio Cupido<\/h3><p class=\"elementor-image-box-description\">Il confortevole appartamento \u201cRifugio Cupido\u201d si trova al primo piano della cosiddetta cappella. Dispone di una superficie abitabile di circa 39 m\u00b2 e di una terrazza di circa 20 m\u00b2 con un'ampia tenda da sole sul retro.<\/p><\/div><\/div>\t\t<\/div>\n\t\t\t\t<\/div>\n\t\t\t\t\t<\/div>\n\t\t<\/div>\n\t\t\t\t\t<\/div>\n\t\t<\/section>\n\t\t<div class=\"elementor-element elementor-element-102a959 e-flex e-con-boxed e-con e-parent\" data-id=\"102a959\" data-element_type=\"container\">\n\t\t\t\t\t<div class=\"e-con-inner\">\n\t\t\t\t<div class=\"elementor-element elementor-element-945f55e elementor-widget elementor-widget-spacer\" data-id=\"945f55e\" data-element_type=\"widget\" data-widget_type=\"spacer.default\">\n\t\t\t\t<div class=\"elementor-widget-container\">\n\t\t\t\t\t<div class=\"elementor-spacer\">\n\t\t\t<div class=\"elementor-spacer-inner\"><\/div>\n\t\t<\/div>\n\t\t\t\t<\/div>\n\t\t\t\t<\/div>\n\t\t\t\t<div class=\"elementor-element elementor-element-eda0f5e elementor-widget elementor-widget-image\" data-id=\"eda0f5e\" data-element_type=\"widget\" data-widget_type=\"image.default\">\n\t\t\t\t<div class=\"elementor-widget-container\">\n\t\t\t\t\t\t\t\t\t\t\t\t\t<img decoding=\"async\" width=\"1800\" height=\"184\" src=\"https:\/\/villasicula-capo.com\/wp-content\/uploads\/2023\/02\/Trenner-1800x184.png\" class=\"attachment-large size-large wp-image-7054\" alt=\"\" srcset=\"https:\/\/villasicula-capo.com\/wp-content\/uploads\/2023\/02\/Trenner-1800x184.png 1800w, https:\/\/villasicula-capo.com\/wp-content\/uploads\/2023\/02\/Trenner-1200x123.png 1200w, https:\/\/villasicula-capo.com\/wp-content\/uploads\/2023\/02\/Trenner-600x61.png 600w\" sizes=\"(max-width: 1800px) 100vw, 1800px\" \/>\t\t\t\t\t\t\t\t\t\t\t\t\t<\/div>\n\t\t\t\t<\/div>\n\t\t\t\t<div class=\"elementor-element elementor-element-860cae1 elementor-widget elementor-widget-spacer\" data-id=\"860cae1\" data-element_type=\"widget\" data-widget_type=\"spacer.default\">\n\t\t\t\t<div class=\"elementor-widget-container\">\n\t\t\t\t\t<div class=\"elementor-spacer\">\n\t\t\t<div class=\"elementor-spacer-inner\"><\/div>\n\t\t<\/div>\n\t\t\t\t<\/div>\n\t\t\t\t<\/div>\n\t\t\t\t<div class=\"elementor-element elementor-element-01336f1 elementor-widget elementor-widget-heading\" data-id=\"01336f1\" data-element_type=\"widget\" data-widget_type=\"heading.default\">\n\t\t\t\t<div class=\"elementor-widget-container\">\n\t\t\t<h4 class=\"elementor-heading-title elementor-size-default\">Matrimoni e celebrazioni<\/h4>\t\t<\/div>\n\t\t\t\t<\/div>\n\t\t\t\t\t<\/div>\n\t\t\t\t<\/div>\n\t\t\t\t<section class=\"elementor-section elementor-top-section elementor-element elementor-element-50c29487 elementor-section-boxed elementor-section-height-default elementor-section-height-default\" data-id=\"50c29487\" data-element_type=\"section\">\n\t\t\t\t\t\t<div class=\"elementor-container elementor-column-gap-default\">\n\t\t\t\t\t<div class=\"elementor-column elementor-col-50 elementor-top-column elementor-element elementor-element-20997b2c\" data-id=\"20997b2c\" data-element_type=\"column\">\n\t\t\t<div class=\"elementor-widget-wrap elementor-element-populated\">\n\t\t\t\t\t\t<div class=\"elementor-element elementor-element-651c2799 elementor-widget elementor-widget-image\" data-id=\"651c2799\" data-element_type=\"widget\" data-widget_type=\"image.default\">\n\t\t\t\t<div class=\"elementor-widget-container\">\n\t\t\t\t\t\t\t\t\t\t\t\t\t<img loading=\"lazy\" decoding=\"async\" width=\"1800\" height=\"1198\" src=\"https:\/\/villasicula-capo.com\/wp-content\/uploads\/2021\/01\/Hochzeit-Villa-Sicula-9-1800x1198.jpg\" class=\"attachment-large size-large wp-image-227\" alt=\"\" srcset=\"https:\/\/villasicula-capo.com\/wp-content\/uploads\/2021\/01\/Hochzeit-Villa-Sicula-9-1800x1198.jpg 1800w, https:\/\/villasicula-capo.com\/wp-content\/uploads\/2021\/01\/Hochzeit-Villa-Sicula-9-1200x800.jpg 1200w, https:\/\/villasicula-capo.com\/wp-content\/uploads\/2021\/01\/Hochzeit-Villa-Sicula-9-600x400.jpg 600w\" sizes=\"(max-width: 1800px) 100vw, 1800px\" \/>\t\t\t\t\t\t\t\t\t\t\t\t\t<\/div>\n\t\t\t\t<\/div>\n\t\t\t\t\t<\/div>\n\t\t<\/div>\n\t\t\t\t<div class=\"elementor-column elementor-col-50 elementor-top-column elementor-element elementor-element-6421640c\" data-id=\"6421640c\" data-element_type=\"column\">\n\t\t\t<div class=\"elementor-widget-wrap elementor-element-populated\">\n\t\t\t\t\t\t<div class=\"elementor-element elementor-element-1474ebfe elementor-widget elementor-widget-text-editor\" data-id=\"1474ebfe\" data-element_type=\"widget\" data-widget_type=\"text-editor.default\">\n\t\t\t\t<div class=\"elementor-widget-container\">\n\t\t\t\t\t\t\t<p>Vivete il vostro matrimonio da sogno in un ambiente molto speciale: VILLA SICULA vi offre le migliori condizioni per una celebrazione indimenticabile in un versatile spazio esterno. Celebrate la vostra cerimonia nel tempio del parco mentre i vostri ospiti prendono posto nell\u2019arena. I suoni e le note di un\u2019orchestra amplificati dalla cupola del tempio renderanno ancor pi\u00f9 unica l\u2019atmosfera. Secondo i vostri desideri individuali, lavoreremo con voi per dar vita al vostro giorno memorabile in un ambiente straordinario.La VILLA SICULA offre anche la struttura ideale per feste di famiglia, eventi aziendali e altre occasioni eccezionali per un\u2019esperienza unica. La tenuta pu\u00f2 ospitare celebrazioni fino a 100 persone. <strong><a href=\"https:\/\/villasicula-capo.com\/hochzeiten\/\"><span style=\"color: #800000;\">\u203a\u203a\u203a<\/span><span style=\"color: #800000;\">\u203a<\/span><\/a><\/strong><\/p>\t\t\t\t\t\t<\/div>\n\t\t\t\t<\/div>\n\t\t\t\t<div class=\"elementor-element elementor-element-64f8e99c elementor-arrows-position-inside elementor-pagination-position-outside elementor-widget elementor-widget-image-carousel\" data-id=\"64f8e99c\" data-element_type=\"widget\" data-settings=\"{&quot;slides_to_show&quot;:&quot;2&quot;,&quot;slides_to_scroll&quot;:&quot;2&quot;,&quot;navigation&quot;:&quot;both&quot;,&quot;autoplay&quot;:&quot;yes&quot;,&quot;pause_on_hover&quot;:&quot;yes&quot;,&quot;pause_on_interaction&quot;:&quot;yes&quot;,&quot;autoplay_speed&quot;:5000,&quot;infinite&quot;:&quot;yes&quot;,&quot;speed&quot;:500,&quot;image_spacing_custom&quot;:{&quot;unit&quot;:&quot;px&quot;,&quot;size&quot;:20,&quot;sizes&quot;:[]},&quot;image_spacing_custom_tablet&quot;:{&quot;unit&quot;:&quot;px&quot;,&quot;size&quot;:&quot;&quot;,&quot;sizes&quot;:[]},&quot;image_spacing_custom_mobile&quot;:{&quot;unit&quot;:&quot;px&quot;,&quot;size&quot;:&quot;&quot;,&quot;sizes&quot;:[]}}\" data-widget_type=\"image-carousel.default\">\n\t\t\t\t<div class=\"elementor-widget-container\">\n\t\t\t\t\t<div class=\"elementor-image-carousel-wrapper swiper\" dir=\"ltr\">\n\t\t\t<div class=\"elementor-image-carousel swiper-wrapper\" aria-live=\"off\">\n\t\t\t\t\t\t\t\t<div class=\"swiper-slide\" role=\"group\" aria-roledescription=\"slide\" aria-label=\"1 di 5\"><figure class=\"swiper-slide-inner\"><img decoding=\"async\" class=\"swiper-slide-image\" src=\"https:\/\/villasicula-capo.com\/wp-content\/uploads\/2021\/01\/Hochzeit-Villa-Sicula-5.jpg\" alt=\"\" \/><\/figure><\/div><div class=\"swiper-slide\" role=\"group\" aria-roledescription=\"slide\" aria-label=\"2 di 5\"><figure class=\"swiper-slide-inner\"><img decoding=\"async\" class=\"swiper-slide-image\" src=\"https:\/\/villasicula-capo.com\/wp-content\/uploads\/2021\/01\/Hochzeit-Villa-Sicula-4-1.jpg\" alt=\"\" \/><\/figure><\/div><div class=\"swiper-slide\" role=\"group\" aria-roledescription=\"slide\" aria-label=\"3 di 5\"><figure class=\"swiper-slide-inner\"><img decoding=\"async\" class=\"swiper-slide-image\" src=\"https:\/\/villasicula-capo.com\/wp-content\/uploads\/2021\/01\/Hochzeit-Villa-Sicula-2-1.jpg\" alt=\"\" \/><\/figure><\/div><div class=\"swiper-slide\" role=\"group\" aria-roledescription=\"slide\" aria-label=\"4 di 5\"><figure class=\"swiper-slide-inner\"><img decoding=\"async\" class=\"swiper-slide-image\" src=\"https:\/\/villasicula-capo.com\/wp-content\/uploads\/2021\/01\/Hochzeit-Villa-Sicula-7-600x400.jpg\" alt=\"Hochzeit Villa Sicula-7\" \/><\/figure><\/div><div class=\"swiper-slide\" role=\"group\" aria-roledescription=\"slide\" aria-label=\"5 di 5\"><figure class=\"swiper-slide-inner\"><img decoding=\"async\" class=\"swiper-slide-image\" src=\"https:\/\/villasicula-capo.com\/wp-content\/uploads\/2021\/01\/Hochzeit-Villa-Sicula-9-600x400.jpg\" alt=\"Hochzeit Villa Sicula-9\" \/><\/figure><\/div>\t\t\t<\/div>\n\t\t\t\t\t\t\t\t\t\t\t\t<div class=\"elementor-swiper-button elementor-swiper-button-prev\" role=\"button\" tabindex=\"0\">\n\t\t\t\t\t\t<i aria-hidden=\"true\" class=\"eicon-chevron-left\"><\/i>\t\t\t\t\t<\/div>\n\t\t\t\t\t<div class=\"elementor-swiper-button elementor-swiper-button-next\" role=\"button\" tabindex=\"0\">\n\t\t\t\t\t\t<i aria-hidden=\"true\" class=\"eicon-chevron-right\"><\/i>\t\t\t\t\t<\/div>\n\t\t\t\t\n\t\t\t\t\t\t\t\t\t<div class=\"swiper-pagination\"><\/div>\n\t\t\t\t\t\t\t\t\t<\/div>\n\t\t\t\t<\/div>\n\t\t\t\t<\/div>\n\t\t\t\t\t<\/div>\n\t\t<\/div>\n\t\t\t\t\t<\/div>\n\t\t<\/section>\n\t\t\t\t<\/div>\n\t\t","protected":false},"excerpt":{"rendered":"<p>Benvenuto VILLA SICULA \u00e8 una residenza molto speciale sulla costa nord della variegata isola di Sicilia. Il nome SICULA lo si deve ai Siculi, la popolazione che occup\u00f2 l\u2019isola per trecento anni, prima della colonizzazione greca. La vista sull\u2019ampio giardino con il suo tempio e gli ulivi, il moderno porto di Capo d\u2019Oralndo, il promontorio [&hellip;]<\/p>\n","protected":false},"author":4,"featured_media":1868,"parent":0,"menu_order":0,"comment_status":"closed","ping_status":"closed","template":"","meta":{"_acf_changed":false,"footnotes":""},"class_list":["post-2462","page","type-page","status-publish","has-post-thumbnail","hentry"],"acf":[],"yoast_head":"<!-- This site is optimized with the Yoast SEO plugin v24.0 - https:\/\/yoast.com\/wordpress\/plugins\/seo\/ -->\n<title>Una villa \u2013 innumerevoli storie Benvenuti in Sicilia | Villa Sicula<\/title>\n<meta name=\"description\" content=\"Villa Sicula Sicilia, Italia. Esclusiva villa privata in affitto con fino a 6 camere da letto, piscina privata e palestra. PI\u00d9 QUI...\" \/>\n<meta name=\"robots\" content=\"index, follow, max-snippet:-1, max-image-preview:large, max-video-preview:-1\" \/>\n<link rel=\"canonical\" href=\"https:\/\/villasicula-capo.com\/it\/\" \/>\n<meta property=\"og:locale\" content=\"it_IT\" \/>\n<meta property=\"og:type\" content=\"article\" \/>\n<meta property=\"og:title\" content=\"Una villa \u2013 innumerevoli storie Benvenuti in Sicilia | Villa Sicula\" \/>\n<meta property=\"og:description\" content=\"Villa Sicula Sicilia, Italia. Esclusiva villa privata in affitto con fino a 6 camere da letto, piscina privata e palestra. PI\u00d9 QUI...\" \/>\n<meta property=\"og:url\" content=\"https:\/\/villasicula-capo.com\/it\/\" \/>\n<meta property=\"og:site_name\" content=\"Villa Sicula\" \/>\n<meta property=\"article:modified_time\" content=\"2024-12-15T14:46:28+00:00\" \/>\n<meta property=\"og:image\" content=\"https:\/\/villasicula-capo.com\/wp-content\/uploads\/2021\/01\/IMG_0446-e1609844514426.jpg\" \/>\n\t<meta property=\"og:image:width\" content=\"2048\" \/>\n\t<meta property=\"og:image:height\" content=\"1152\" \/>\n\t<meta property=\"og:image:type\" content=\"image\/jpeg\" \/>\n<meta name=\"twitter:card\" content=\"summary_large_image\" \/>\n<meta name=\"twitter:label1\" content=\"Tempo di lettura stimato\" \/>\n\t<meta name=\"twitter:data1\" content=\"7 minuti\" \/>\n<script type=\"application\/ld+json\" class=\"yoast-schema-graph\">{\"@context\":\"https:\/\/schema.org\",\"@graph\":[{\"@type\":\"WebPage\",\"@id\":\"https:\/\/villasicula-capo.com\/it\/\",\"url\":\"https:\/\/villasicula-capo.com\/it\/\",\"name\":\"Una villa \u2013 innumerevoli storie Benvenuti in Sicilia | Villa Sicula\",\"isPartOf\":{\"@id\":\"https:\/\/villasicula-capo.com\/it\/#website\"},\"primaryImageOfPage\":{\"@id\":\"https:\/\/villasicula-capo.com\/it\/#primaryimage\"},\"image\":{\"@id\":\"https:\/\/villasicula-capo.com\/it\/#primaryimage\"},\"thumbnailUrl\":\"https:\/\/villasicula-capo.com\/wp-content\/uploads\/2021\/01\/IMG_0446-e1609844514426.jpg\",\"datePublished\":\"2021-06-16T07:57:10+00:00\",\"dateModified\":\"2024-12-15T14:46:28+00:00\",\"description\":\"Villa Sicula Sicilia, Italia. Esclusiva villa privata in affitto con fino a 6 camere da letto, piscina privata e palestra. PI\u00d9 QUI...\",\"inLanguage\":\"it-IT\",\"potentialAction\":[{\"@type\":\"ReadAction\",\"target\":[\"https:\/\/villasicula-capo.com\/it\/\"]}]},{\"@type\":\"ImageObject\",\"inLanguage\":\"it-IT\",\"@id\":\"https:\/\/villasicula-capo.com\/it\/#primaryimage\",\"url\":\"https:\/\/villasicula-capo.com\/wp-content\/uploads\/2021\/01\/IMG_0446-e1609844514426.jpg\",\"contentUrl\":\"https:\/\/villasicula-capo.com\/wp-content\/uploads\/2021\/01\/IMG_0446-e1609844514426.jpg\",\"width\":2048,\"height\":1152},{\"@type\":\"WebSite\",\"@id\":\"https:\/\/villasicula-capo.com\/it\/#website\",\"url\":\"https:\/\/villasicula-capo.com\/it\/\",\"name\":\"Villa Sicula\",\"description\":\"\",\"publisher\":{\"@id\":\"https:\/\/villasicula-capo.com\/it\/#organization\"},\"potentialAction\":[{\"@type\":\"SearchAction\",\"target\":{\"@type\":\"EntryPoint\",\"urlTemplate\":\"https:\/\/villasicula-capo.com\/it\/?s={search_term_string}\"},\"query-input\":{\"@type\":\"PropertyValueSpecification\",\"valueRequired\":true,\"valueName\":\"search_term_string\"}}],\"inLanguage\":\"it-IT\"},{\"@type\":\"Organization\",\"@id\":\"https:\/\/villasicula-capo.com\/it\/#organization\",\"name\":\"Villa Sicula\",\"url\":\"https:\/\/villasicula-capo.com\/it\/\",\"logo\":{\"@type\":\"ImageObject\",\"inLanguage\":\"it-IT\",\"@id\":\"https:\/\/villasicula-capo.com\/it\/#\/schema\/logo\/image\/\",\"url\":\"https:\/\/villasicula-capo.com\/wp-content\/uploads\/2023\/02\/cropped-Villa-Sicula-del-Capo_klein.png\",\"contentUrl\":\"https:\/\/villasicula-capo.com\/wp-content\/uploads\/2023\/02\/cropped-Villa-Sicula-del-Capo_klein.png\",\"width\":360,\"height\":225,\"caption\":\"Villa Sicula\"},\"image\":{\"@id\":\"https:\/\/villasicula-capo.com\/it\/#\/schema\/logo\/image\/\"}}]}<\/script>\n<!-- \/ Yoast SEO plugin. -->","yoast_head_json":{"title":"Una villa \u2013 innumerevoli storie Benvenuti in Sicilia | Villa Sicula","description":"Villa Sicula Sicilia, Italia. Esclusiva villa privata in affitto con fino a 6 camere da letto, piscina privata e palestra. PI\u00d9 QUI...","robots":{"index":"index","follow":"follow","max-snippet":"max-snippet:-1","max-image-preview":"max-image-preview:large","max-video-preview":"max-video-preview:-1"},"canonical":"https:\/\/villasicula-capo.com\/it\/","og_locale":"it_IT","og_type":"article","og_title":"Una villa \u2013 innumerevoli storie Benvenuti in Sicilia | Villa Sicula","og_description":"Villa Sicula Sicilia, Italia. Esclusiva villa privata in affitto con fino a 6 camere da letto, piscina privata e palestra. PI\u00d9 QUI...","og_url":"https:\/\/villasicula-capo.com\/it\/","og_site_name":"Villa Sicula","article_modified_time":"2024-12-15T14:46:28+00:00","og_image":[{"width":2048,"height":1152,"url":"https:\/\/villasicula-capo.com\/wp-content\/uploads\/2021\/01\/IMG_0446-e1609844514426.jpg","type":"image\/jpeg"}],"twitter_card":"summary_large_image","twitter_misc":{"Tempo di lettura stimato":"7 minuti"},"schema":{"@context":"https:\/\/schema.org","@graph":[{"@type":"WebPage","@id":"https:\/\/villasicula-capo.com\/it\/","url":"https:\/\/villasicula-capo.com\/it\/","name":"Una villa \u2013 innumerevoli storie Benvenuti in Sicilia | Villa Sicula","isPartOf":{"@id":"https:\/\/villasicula-capo.com\/it\/#website"},"primaryImageOfPage":{"@id":"https:\/\/villasicula-capo.com\/it\/#primaryimage"},"image":{"@id":"https:\/\/villasicula-capo.com\/it\/#primaryimage"},"thumbnailUrl":"https:\/\/villasicula-capo.com\/wp-content\/uploads\/2021\/01\/IMG_0446-e1609844514426.jpg","datePublished":"2021-06-16T07:57:10+00:00","dateModified":"2024-12-15T14:46:28+00:00","description":"Villa Sicula Sicilia, Italia. Esclusiva villa privata in affitto con fino a 6 camere da letto, piscina privata e palestra. PI\u00d9 QUI...","inLanguage":"it-IT","potentialAction":[{"@type":"ReadAction","target":["https:\/\/villasicula-capo.com\/it\/"]}]},{"@type":"ImageObject","inLanguage":"it-IT","@id":"https:\/\/villasicula-capo.com\/it\/#primaryimage","url":"https:\/\/villasicula-capo.com\/wp-content\/uploads\/2021\/01\/IMG_0446-e1609844514426.jpg","contentUrl":"https:\/\/villasicula-capo.com\/wp-content\/uploads\/2021\/01\/IMG_0446-e1609844514426.jpg","width":2048,"height":1152},{"@type":"WebSite","@id":"https:\/\/villasicula-capo.com\/it\/#website","url":"https:\/\/villasicula-capo.com\/it\/","name":"Villa Sicula","description":"","publisher":{"@id":"https:\/\/villasicula-capo.com\/it\/#organization"},"potentialAction":[{"@type":"SearchAction","target":{"@type":"EntryPoint","urlTemplate":"https:\/\/villasicula-capo.com\/it\/?s={search_term_string}"},"query-input":{"@type":"PropertyValueSpecification","valueRequired":true,"valueName":"search_term_string"}}],"inLanguage":"it-IT"},{"@type":"Organization","@id":"https:\/\/villasicula-capo.com\/it\/#organization","name":"Villa Sicula","url":"https:\/\/villasicula-capo.com\/it\/","logo":{"@type":"ImageObject","inLanguage":"it-IT","@id":"https:\/\/villasicula-capo.com\/it\/#\/schema\/logo\/image\/","url":"https:\/\/villasicula-capo.com\/wp-content\/uploads\/2023\/02\/cropped-Villa-Sicula-del-Capo_klein.png","contentUrl":"https:\/\/villasicula-capo.com\/wp-content\/uploads\/2023\/02\/cropped-Villa-Sicula-del-Capo_klein.png","width":360,"height":225,"caption":"Villa Sicula"},"image":{"@id":"https:\/\/villasicula-capo.com\/it\/#\/schema\/logo\/image\/"}}]}},"_links":{"self":[{"href":"https:\/\/villasicula-capo.com\/it\/wp-json\/wp\/v2\/pages\/2462","targetHints":{"allow":["GET"]}}],"collection":[{"href":"https:\/\/villasicula-capo.com\/it\/wp-json\/wp\/v2\/pages"}],"about":[{"href":"https:\/\/villasicula-capo.com\/it\/wp-json\/wp\/v2\/types\/page"}],"author":[{"embeddable":true,"href":"https:\/\/villasicula-capo.com\/it\/wp-json\/wp\/v2\/users\/4"}],"replies":[{"embeddable":true,"href":"https:\/\/villasicula-capo.com\/it\/wp-json\/wp\/v2\/comments?post=2462"}],"version-history":[{"count":0,"href":"https:\/\/villasicula-capo.com\/it\/wp-json\/wp\/v2\/pages\/2462\/revisions"}],"wp:featuredmedia":[{"embeddable":true,"href":"https:\/\/villasicula-capo.com\/it\/wp-json\/wp\/v2\/media\/1868"}],"wp:attachment":[{"href":"https:\/\/villasicula-capo.com\/it\/wp-json\/wp\/v2\/media?parent=2462"}],"curies":[{"name":"wp","href":"https:\/\/api.w.org\/{rel}","templated":true}]}}