{"id":2594,"date":"2021-06-18T12:01:06","date_gmt":"2021-06-18T10:01:06","guid":{"rendered":"https:\/\/villasicula-capo.com\/?page_id=2594"},"modified":"2021-06-18T12:04:41","modified_gmt":"2021-06-18T10:04:41","slug":"renato-guttuso","status":"publish","type":"page","link":"https:\/\/villasicula-capo.com\/fr\/renato-guttuso\/","title":{"rendered":"Renato Guttuso"},"content":{"rendered":"<div class=\"block core-paragraph \">\n<p><em>Renato Guttuso<\/em> est n\u00e9 le 26 d\u00e9cembre 1911 \u00e0 Bagheria pr\u00e8s de Palerme et est d\u00e9c\u00e9d\u00e9 le 18 janvier 1987 \u00e0 Rome. Il \u00e9tait peintre et graphiste, mais produisait \u00e9galement des d\u00e9cors de th\u00e9\u00e2tre et des illustrations de livres. Guttuso est consid\u00e9r\u00e9 comme le principal repr\u00e9sentant du r\u00e9alisme socialiste en Italie (images de mineurs, de p\u00eacheurs, de discussions politiques et gr\u00e8ves). A partir de 1938\/40, il est fortement influenc\u00e9 par l&rsquo;\u0153uvre du si\u00e8cle GUERNICA de Picasso. Le peintre \u00e9tait \u00e9galement actif sur le plan politique et \u00e9tait membre du parti communiste italien depuis 1940. Dans les ann\u00e9es 1970, il a \u00e9t\u00e9 \u00e9lu au conseil municipal de Palerme et a rempli deux mandats de s\u00e9nateur. Guttuso a expos\u00e9 pendant de nombreuses ann\u00e9es \u00e0 la Biennale de Venise. En 1960, il y avait m\u00eame sa propre salle. En 1977, il expose \u00e0 la Documenta 6 de Kassel. Peu avant sa mort, il a fait don d&rsquo;une grande partie de ses \u0153uvres \u00e0 la \u00ab\u00a0Galleria Nazionale d&rsquo;Arte Moderna\u00a0\u00bb de Rome. En Sicile, vous pouvez voir ses premi\u00e8res \u0153uvres dans sa ville natale de Bagheria, au <a href=\"http:\/\/www.museoguttuso.com\/\"><em><strong>Museo Guttuso<\/strong><\/em><\/a> \u00e0 la Villa Cattolica, dans laquelle il a \u00e9t\u00e9 enterr\u00e9 dans le jardin.<\/p>\n<\/div><div class=\"block core-image \">\n<div class=\"wp-block-image\"><figure class=\"aligncenter size-large is-resized\"><img fetchpriority=\"high\" decoding=\"async\" src=\"https:\/\/villasicula-capo.com\/wp-content\/uploads\/2021\/02\/Renato_Guttuso_1960.jpg\" alt=\"\" class=\"wp-image-860\" width=\"331\" height=\"369\" srcset=\"https:\/\/villasicula-capo.com\/wp-content\/uploads\/2021\/02\/Renato_Guttuso_1960.jpg 662w, https:\/\/villasicula-capo.com\/wp-content\/uploads\/2021\/02\/Renato_Guttuso_1960-359x400.jpg 359w\" sizes=\"(max-width: 331px) 100vw, 331px\" \/><\/figure><\/div>\n<\/div>","protected":false},"excerpt":{"rendered":"<p>Renato Guttuso est n\u00e9 le 26 d\u00e9cembre 1911 \u00e0 Bagheria pr\u00e8s de Palerme et est d\u00e9c\u00e9d\u00e9 le 18 janvier 1987 \u00e0 Rome. Il \u00e9tait peintre et graphiste, mais produisait \u00e9galement des d\u00e9cors de th\u00e9\u00e2tre et des illustrations de livres. Guttuso est consid\u00e9r\u00e9 comme le principal repr\u00e9sentant du r\u00e9alisme socialiste en Italie (images de mineurs, de [&hellip;]<\/p>\n","protected":false},"author":4,"featured_media":2103,"parent":0,"menu_order":0,"comment_status":"closed","ping_status":"closed","template":"","meta":{"_acf_changed":false,"footnotes":""},"class_list":["post-2594","page","type-page","status-publish","has-post-thumbnail","hentry"],"acf":[],"yoast_head":"<!-- This site is optimized with the Yoast SEO plugin v24.0 - https:\/\/yoast.com\/wordpress\/plugins\/seo\/ -->\n<title>Renato Guttuso | Villa Sicula<\/title>\n<meta name=\"description\" content=\"D\u00e9couvrez la Sicile : L&#039;appartement &quot;La Cultura Sicliana&quot; \u00e0 Villa Sicula vous offre, \u00e0 vous et \u00e0 votre famille, beaucoup d&#039;espace et d&#039;intimit\u00e9.\" \/>\n<meta name=\"robots\" content=\"index, follow, max-snippet:-1, max-image-preview:large, max-video-preview:-1\" \/>\n<link rel=\"canonical\" href=\"https:\/\/villasicula-capo.com\/fr\/renato-guttuso\/\" \/>\n<meta property=\"og:locale\" content=\"fr_FR\" \/>\n<meta property=\"og:type\" content=\"article\" \/>\n<meta property=\"og:title\" content=\"Renato Guttuso | Villa Sicula\" \/>\n<meta property=\"og:description\" content=\"D\u00e9couvrez la Sicile : L&#039;appartement &quot;La Cultura Sicliana&quot; \u00e0 Villa Sicula vous offre, \u00e0 vous et \u00e0 votre famille, beaucoup d&#039;espace et d&#039;intimit\u00e9.\" \/>\n<meta property=\"og:url\" content=\"https:\/\/villasicula-capo.com\/fr\/renato-guttuso\/\" \/>\n<meta property=\"og:site_name\" content=\"Villa Sicula\" \/>\n<meta property=\"article:modified_time\" content=\"2021-06-18T10:04:41+00:00\" \/>\n<meta property=\"og:image\" content=\"https:\/\/villasicula-capo.com\/wp-content\/uploads\/2021\/01\/Apartment-La-Cultura-Italiana-15.jpg\" \/>\n\t<meta property=\"og:image:width\" content=\"2048\" \/>\n\t<meta property=\"og:image:height\" content=\"1365\" \/>\n\t<meta property=\"og:image:type\" content=\"image\/jpeg\" \/>\n<meta name=\"twitter:card\" content=\"summary_large_image\" \/>\n<meta name=\"twitter:label1\" content=\"Dur\u00e9e de lecture estim\u00e9e\" \/>\n\t<meta name=\"twitter:data1\" content=\"2 minutes\" \/>\n<script type=\"application\/ld+json\" class=\"yoast-schema-graph\">{\"@context\":\"https:\/\/schema.org\",\"@graph\":[{\"@type\":\"WebPage\",\"@id\":\"https:\/\/villasicula-capo.com\/fr\/renato-guttuso\/\",\"url\":\"https:\/\/villasicula-capo.com\/fr\/renato-guttuso\/\",\"name\":\"Renato Guttuso | Villa Sicula\",\"isPartOf\":{\"@id\":\"https:\/\/villasicula-capo.com\/fr\/#website\"},\"primaryImageOfPage\":{\"@id\":\"https:\/\/villasicula-capo.com\/fr\/renato-guttuso\/#primaryimage\"},\"image\":{\"@id\":\"https:\/\/villasicula-capo.com\/fr\/renato-guttuso\/#primaryimage\"},\"thumbnailUrl\":\"https:\/\/villasicula-capo.com\/wp-content\/uploads\/2021\/01\/Apartment-La-Cultura-Italiana-15.jpg\",\"datePublished\":\"2021-06-18T10:01:06+00:00\",\"dateModified\":\"2021-06-18T10:04:41+00:00\",\"description\":\"D\u00e9couvrez la Sicile : L'appartement \\\"La Cultura Sicliana\\\" \u00e0 Villa Sicula vous offre, \u00e0 vous et \u00e0 votre famille, beaucoup d'espace et d'intimit\u00e9.\",\"inLanguage\":\"fr-FR\",\"potentialAction\":[{\"@type\":\"ReadAction\",\"target\":[\"https:\/\/villasicula-capo.com\/fr\/renato-guttuso\/\"]}]},{\"@type\":\"ImageObject\",\"inLanguage\":\"fr-FR\",\"@id\":\"https:\/\/villasicula-capo.com\/fr\/renato-guttuso\/#primaryimage\",\"url\":\"https:\/\/villasicula-capo.com\/wp-content\/uploads\/2021\/01\/Apartment-La-Cultura-Italiana-15.jpg\",\"contentUrl\":\"https:\/\/villasicula-capo.com\/wp-content\/uploads\/2021\/01\/Apartment-La-Cultura-Italiana-15.jpg\",\"width\":2048,\"height\":1365},{\"@type\":\"WebSite\",\"@id\":\"https:\/\/villasicula-capo.com\/fr\/#website\",\"url\":\"https:\/\/villasicula-capo.com\/fr\/\",\"name\":\"Villa Sicula\",\"description\":\"\",\"publisher\":{\"@id\":\"https:\/\/villasicula-capo.com\/fr\/#organization\"},\"potentialAction\":[{\"@type\":\"SearchAction\",\"target\":{\"@type\":\"EntryPoint\",\"urlTemplate\":\"https:\/\/villasicula-capo.com\/fr\/?s={search_term_string}\"},\"query-input\":{\"@type\":\"PropertyValueSpecification\",\"valueRequired\":true,\"valueName\":\"search_term_string\"}}],\"inLanguage\":\"fr-FR\"},{\"@type\":\"Organization\",\"@id\":\"https:\/\/villasicula-capo.com\/fr\/#organization\",\"name\":\"Villa Sicula\",\"url\":\"https:\/\/villasicula-capo.com\/fr\/\",\"logo\":{\"@type\":\"ImageObject\",\"inLanguage\":\"fr-FR\",\"@id\":\"https:\/\/villasicula-capo.com\/fr\/#\/schema\/logo\/image\/\",\"url\":\"https:\/\/villasicula-capo.com\/wp-content\/uploads\/2023\/02\/cropped-Villa-Sicula-del-Capo_klein.png\",\"contentUrl\":\"https:\/\/villasicula-capo.com\/wp-content\/uploads\/2023\/02\/cropped-Villa-Sicula-del-Capo_klein.png\",\"width\":360,\"height\":225,\"caption\":\"Villa Sicula\"},\"image\":{\"@id\":\"https:\/\/villasicula-capo.com\/fr\/#\/schema\/logo\/image\/\"}}]}<\/script>\n<!-- \/ Yoast SEO plugin. -->","yoast_head_json":{"title":"Renato Guttuso | Villa Sicula","description":"D\u00e9couvrez la Sicile : L'appartement \"La Cultura Sicliana\" \u00e0 Villa Sicula vous offre, \u00e0 vous et \u00e0 votre famille, beaucoup d'espace et d'intimit\u00e9.","robots":{"index":"index","follow":"follow","max-snippet":"max-snippet:-1","max-image-preview":"max-image-preview:large","max-video-preview":"max-video-preview:-1"},"canonical":"https:\/\/villasicula-capo.com\/fr\/renato-guttuso\/","og_locale":"fr_FR","og_type":"article","og_title":"Renato Guttuso | Villa Sicula","og_description":"D\u00e9couvrez la Sicile : L'appartement \"La Cultura Sicliana\" \u00e0 Villa Sicula vous offre, \u00e0 vous et \u00e0 votre famille, beaucoup d'espace et d'intimit\u00e9.","og_url":"https:\/\/villasicula-capo.com\/fr\/renato-guttuso\/","og_site_name":"Villa Sicula","article_modified_time":"2021-06-18T10:04:41+00:00","og_image":[{"width":2048,"height":1365,"url":"https:\/\/villasicula-capo.com\/wp-content\/uploads\/2021\/01\/Apartment-La-Cultura-Italiana-15.jpg","type":"image\/jpeg"}],"twitter_card":"summary_large_image","twitter_misc":{"Dur\u00e9e de lecture estim\u00e9e":"2 minutes"},"schema":{"@context":"https:\/\/schema.org","@graph":[{"@type":"WebPage","@id":"https:\/\/villasicula-capo.com\/fr\/renato-guttuso\/","url":"https:\/\/villasicula-capo.com\/fr\/renato-guttuso\/","name":"Renato Guttuso | Villa Sicula","isPartOf":{"@id":"https:\/\/villasicula-capo.com\/fr\/#website"},"primaryImageOfPage":{"@id":"https:\/\/villasicula-capo.com\/fr\/renato-guttuso\/#primaryimage"},"image":{"@id":"https:\/\/villasicula-capo.com\/fr\/renato-guttuso\/#primaryimage"},"thumbnailUrl":"https:\/\/villasicula-capo.com\/wp-content\/uploads\/2021\/01\/Apartment-La-Cultura-Italiana-15.jpg","datePublished":"2021-06-18T10:01:06+00:00","dateModified":"2021-06-18T10:04:41+00:00","description":"D\u00e9couvrez la Sicile : L'appartement \"La Cultura Sicliana\" \u00e0 Villa Sicula vous offre, \u00e0 vous et \u00e0 votre famille, beaucoup d'espace et d'intimit\u00e9.","inLanguage":"fr-FR","potentialAction":[{"@type":"ReadAction","target":["https:\/\/villasicula-capo.com\/fr\/renato-guttuso\/"]}]},{"@type":"ImageObject","inLanguage":"fr-FR","@id":"https:\/\/villasicula-capo.com\/fr\/renato-guttuso\/#primaryimage","url":"https:\/\/villasicula-capo.com\/wp-content\/uploads\/2021\/01\/Apartment-La-Cultura-Italiana-15.jpg","contentUrl":"https:\/\/villasicula-capo.com\/wp-content\/uploads\/2021\/01\/Apartment-La-Cultura-Italiana-15.jpg","width":2048,"height":1365},{"@type":"WebSite","@id":"https:\/\/villasicula-capo.com\/fr\/#website","url":"https:\/\/villasicula-capo.com\/fr\/","name":"Villa Sicula","description":"","publisher":{"@id":"https:\/\/villasicula-capo.com\/fr\/#organization"},"potentialAction":[{"@type":"SearchAction","target":{"@type":"EntryPoint","urlTemplate":"https:\/\/villasicula-capo.com\/fr\/?s={search_term_string}"},"query-input":{"@type":"PropertyValueSpecification","valueRequired":true,"valueName":"search_term_string"}}],"inLanguage":"fr-FR"},{"@type":"Organization","@id":"https:\/\/villasicula-capo.com\/fr\/#organization","name":"Villa Sicula","url":"https:\/\/villasicula-capo.com\/fr\/","logo":{"@type":"ImageObject","inLanguage":"fr-FR","@id":"https:\/\/villasicula-capo.com\/fr\/#\/schema\/logo\/image\/","url":"https:\/\/villasicula-capo.com\/wp-content\/uploads\/2023\/02\/cropped-Villa-Sicula-del-Capo_klein.png","contentUrl":"https:\/\/villasicula-capo.com\/wp-content\/uploads\/2023\/02\/cropped-Villa-Sicula-del-Capo_klein.png","width":360,"height":225,"caption":"Villa Sicula"},"image":{"@id":"https:\/\/villasicula-capo.com\/fr\/#\/schema\/logo\/image\/"}}]}},"_links":{"self":[{"href":"https:\/\/villasicula-capo.com\/fr\/wp-json\/wp\/v2\/pages\/2594","targetHints":{"allow":["GET"]}}],"collection":[{"href":"https:\/\/villasicula-capo.com\/fr\/wp-json\/wp\/v2\/pages"}],"about":[{"href":"https:\/\/villasicula-capo.com\/fr\/wp-json\/wp\/v2\/types\/page"}],"author":[{"embeddable":true,"href":"https:\/\/villasicula-capo.com\/fr\/wp-json\/wp\/v2\/users\/4"}],"replies":[{"embeddable":true,"href":"https:\/\/villasicula-capo.com\/fr\/wp-json\/wp\/v2\/comments?post=2594"}],"version-history":[{"count":0,"href":"https:\/\/villasicula-capo.com\/fr\/wp-json\/wp\/v2\/pages\/2594\/revisions"}],"wp:featuredmedia":[{"embeddable":true,"href":"https:\/\/villasicula-capo.com\/fr\/wp-json\/wp\/v2\/media\/2103"}],"wp:attachment":[{"href":"https:\/\/villasicula-capo.com\/fr\/wp-json\/wp\/v2\/media?parent=2594"}],"curies":[{"name":"wp","href":"https:\/\/api.w.org\/{rel}","templated":true}]}}